{"id":1093,"date":"2020-02-24T12:13:50","date_gmt":"2020-02-24T11:13:50","guid":{"rendered":"http:\/\/kynnefjall.com\/aktiviteter-aventyr\/vandring\/vandringspaket_2_1\/"},"modified":"2020-03-18T06:40:26","modified_gmt":"2020-03-18T05:40:26","slug":"vandringspaket_2_1","status":"publish","type":"page","link":"https:\/\/kynnefjall.com\/en\/activities-adventures\/hiking\/vandringspaket_2_1\/","title":{"rendered":"vandringspaket_2_1"},"content":{"rendered":"<p><div id='av_section_1' class='avia-section main_color avia-section-default avia-no-border-styling avia-bg-style-scroll  avia-builder-el-0  el_before_av_heading  avia-builder-el-first   container_wrap fullsize' style=' '  ><div class='container' ><main  role=\"main\" itemprop=\"mainContentOfPage\"  class='template-page content  av-content-full alpha units'><div class='post-entry post-entry-type-page post-entry-1093'><div class='entry-content-wrapper clearfix'> <div style='padding-bottom:10px; ' class='av-special-heading av-special-heading-h1  blockquote modern-quote modern-centered  avia-builder-el-1  el_before_av_heading  avia-builder-el-first  '><h1 class='av-special-heading-tag '  itemprop=\"headline\"  >Vandringspaket &#8211; med halvpension<\/h1><div class='special-heading-border'><div class='special-heading-inner-border' ><\/div><\/div><\/div> <div style='padding-bottom:10px; ' class='av-special-heading av-special-heading-h2  blockquote modern-quote modern-centered  avia-builder-el-2  el_after_av_heading  el_before_av_two_fifth  '><h2 class='av-special-heading-tag '  itemprop=\"headline\"  >Alt. 1. Vandringpaket p\u00e5 Kynnefj\u00e4ll &#8211; v\u00e5r och h\u00f6st 2019<\/h2><div class='special-heading-border'><div class='special-heading-inner-border' ><\/div><\/div><\/div> <div class=\"flex_column av_two_fifth  flex_column_div av-zero-column-padding first  avia-builder-el-3  el_after_av_heading  el_before_av_three_fifth  \" style='border-radius:0px; '><section class=\"av_textblock_section \"  itemscope=\"itemscope\" itemtype=\"https:\/\/schema.org\/CreativeWork\" ><div class='avia_textblock  '   itemprop=\"text\" ><p> I detta paket ing\u00e5r det logi, frukost och mats\u00e4ck. Middagen lagar ni sj\u00e4lva i v\u00e5rt g\u00e4stk\u00f6k. Frukosten finns f\u00f6rberedd i v\u00e5rt g\u00e4stk\u00f6k. Kylvaror tar du sj\u00e4lv i kylen, br\u00f6drost och kaffebryggare finns att tillg\u00e5. I samband med frukosten g\u00f6r ni \u00e4ven i ordning mats\u00e4ck till dagens vandring. \u00c4r ni sex personer eller fler s\u00e5 finns det m\u00f6jlighet att f\u00f6rbest\u00e4lla middag i restaurangen. Beroende p\u00e5 antal bokade g\u00e4ster och s\u00e4llskap s\u00e5 serverar vi ibland frukosten i st\u00e4llet p\u00e5 buff\u00e9 i restaurangen. Samma g\u00e4ller m\u00f6jligheten att boka till middag i restaurangen under v\u00e5r och h\u00f6st. Kontakta oss f\u00f6r att f\u00e5 bekr\u00e4ftat vad som g\u00e4ller vid just er bokning. I paketet ing\u00e5r: Logi, del i dubbelrum inkl. frukost x1 Mats\u00e4ck x1 Genomg\u00e5ng av kartor och terr\u00e4ng Tillg\u00e5ng till g\u00e4stk\u00f6k, mat- och TVrum Lakan och handdukar Slutst\u00e4dning <\/p>\n<\/div><\/section><\/div><div class=\"flex_column av_three_fifth  flex_column_div av-zero-column-padding   avia-builder-el-5  el_after_av_two_fifth  avia-builder-el-last  \" style='border-radius:0px; '><section class=\"av_textblock_section \"  itemscope=\"itemscope\" itemtype=\"https:\/\/schema.org\/CreativeWork\" ><div class='avia_textblock  '   itemprop=\"text\" ><p> PRIS Alt. 1. Vandringspaket p\u00e5 Kynnefj\u00e4ll &#8211; v\u00e5r och h\u00f6st 2019 fr\u00e5n 545kr\/pers. och natt Enkelrumstill\u00e4gg 250kr\/p Priserna varierar n\u00e5got beroende p\u00e5 s\u00e4song. V\u00e4lj datum i v\u00e5r bokningskalender f\u00f6r exakt pris just ert \u00f6nskade datum. FRUKOST I G\u00c4STK\u00d6KET Vi erbjuder yoghurt, flingor\/musli av olika slag, grovt och ljust br\u00f6d, flera olika sorters p\u00e5l\u00e4gg upplagt p\u00e5 en bricka per rum f\u00f6r er att sj\u00e4lva ta fr\u00e5n kylen. \u00c4gg att koka, kaffe, te, juice och frukt. Vi anpassar s\u00e5 klart \u00e4ven efter era \u00f6nskem\u00e5l. <\/p>\n<\/div><\/section><\/div> <\/div><\/div><\/main><!-- close content main element --><\/div><\/div><div id='after_section_1' class='main_color av_default_container_wrap container_wrap fullsize' style=' '  ><div class='container' ><div class='template-page content  av-content-full alpha units'><div class='post-entry post-entry-type-page post-entry-1093'><div class='entry-content-wrapper clearfix'> <div style='padding-bottom:10px; ' class='av-special-heading av-special-heading-h2  blockquote modern-quote modern-centered  avia-builder-el-7  el_after_av_section  el_before_av_one_half  avia-builder-el-first   '><h2 class='av-special-heading-tag '  itemprop=\"headline\"  >Alt. 2. Vandringspaket med helpension &#8211; sommar 2019<\/h2><div class='special-heading-border'><div class='special-heading-inner-border' ><\/div><\/div><\/div> <div class=\"flex_column av_one_half  flex_column_div av-zero-column-padding first  avia-builder-el-8  el_after_av_heading  el_before_av_one_half  \" style='border-radius:0px; '><section class=\"av_textblock_section \"  itemscope=\"itemscope\" itemtype=\"https:\/\/schema.org\/CreativeWork\" ><div class='avia_textblock  '   itemprop=\"text\" ><p> Vandringspaketet \u00e4r bokningsbart 6\/7-10\/8 2019 Frukosten och middagen serveras i v\u00e5r restaurang, mats\u00e4cken g\u00f6r ni sj\u00e4lva i samband med frukostbuff\u00e9n p\u00e5 morgonen. I paketet ing\u00e5r: Logi, del i dubbelrum inkl. frukost x1 Mats\u00e4ck x1 Middag i restaurangen (serveras oftast p\u00e5 buff\u00e9) Genomg\u00e5ng av kartor och terr\u00e4ng. Lakan och handdukar Slutst\u00e4dning. <\/p>\n<\/div><\/section><\/div> <div class=\"flex_column av_one_half  flex_column_div av-zero-column-padding   avia-builder-el-10  el_after_av_one_half  el_before_av_section  avia-builder-el-last  \" style='border-radius:0px; '><section class=\"av_textblock_section \"  itemscope=\"itemscope\" itemtype=\"https:\/\/schema.org\/CreativeWork\" ><div class='avia_textblock  '   itemprop=\"text\" ><p> FRUKOSTBUFF\u00c9N I RESTAURANGEN best\u00e5r av vanlig svensk frukostmat s\u00e5som olika k\u00f6ttp\u00e5l\u00e4gg (bl.a r\u00f6kt skivat viltk\u00f6tt fr\u00e5n Kynnefj\u00e4ll), ost, kokt \u00e4gg, fil och flingor m.m. (dock inga varma r\u00e4tter) PRIS Alt. 2. Vandringspaket med helpension &#8211; sommar 2019 fr\u00e5n 724kr\/pers. och natt Enkelrumstill\u00e4gg 250kr\/p Priserna varierar n\u00e5got beroende p\u00e5 s\u00e4song. V\u00e4lj datum i v\u00e5r bokningskalender f\u00f6r exakt pris just ert \u00f6nskade datum. Kontakta oss h\u00e4r vid fr\u00e5gor eller bokning <\/p>\n<\/div><\/section><\/div> <\/div><\/div><\/div><!-- close content main div --><\/div><\/div><div id='av_section_2' class='avia-section main_color avia-section-default avia-no-border-styling avia-bg-style-scroll  avia-builder-el-12  el_after_av_one_half  el_before_av_gallery   container_wrap fullsize' style='background-color: #cecece;  '  ><div class='container' ><div class='template-page content  av-content-full alpha units'><div class='post-entry post-entry-type-page post-entry-1093'><div class='entry-content-wrapper clearfix'> <div class=\"flex_column av_one_third  flex_column_div av-zero-column-padding first  avia-builder-el-13  el_before_av_two_third  avia-builder-el-first  \" style='border-radius:0px; '><div class='avia-image-container  av-styling-no-styling    avia-builder-el-14  avia-builder-el-no-sibling  avia-align-center '  itemprop=\"image\" itemscope=\"itemscope\" itemtype=\"https:\/\/schema.org\/ImageObject\"  ><div class='avia-image-container-inner'><div class='avia-image-overlay-wrap'><img class='avia_image' src='https:\/\/kynnefjall.com\/wp-content\/uploads\/2020\/02\/kynnefjall_img24.png' alt='' title='kynnefjall_img24' height=\"400\" width=\"400\"  itemprop=\"thumbnailUrl\"  \/><\/div><\/div><\/div><\/div><div class=\"flex_column av_two_third  flex_column_div av-zero-column-padding   avia-builder-el-15  el_after_av_one_third  avia-builder-el-last  \" style='border-radius:0px; '><section class=\"av_textblock_section \"  itemscope=\"itemscope\" itemtype=\"https:\/\/schema.org\/CreativeWork\" ><div class='avia_textblock  '   itemprop=\"text\" ><p> <strong>Vandringspaket<\/strong> Christina fr\u00e5n Halmstad och dottern Susanna fr\u00e5n G\u00f6teborg har varit hos oss p\u00e5 ett 2-dagars vandringspaket. &#8220;-Det har varit j\u00e4ttemysigt. Det \u00e4r en h\u00e4ftig milj\u00f6 h\u00e4r&#8221;, s\u00e4ger Susanna och klappar om hunden Texas. &#8220;-Jag har vandrat en hel del tidigare och h\u00e4r fanns det verkligen en omv\u00e4xlande milj\u00f6 samtidigt som det var l\u00e4ttg\u00e5nget. Jag har alltid velat vandra p\u00e5 Kynnefj\u00e4ll och nu \u00e4ntligen blev det av&#8221;, s\u00e4ger Christina med ett leende. <\/p>\n<\/div><\/section><\/div><\/div><\/div><\/div><!-- close content main div --><\/div><\/div><div id='after_section_2' class='main_color av_default_container_wrap container_wrap fullsize' style=' '  ><div class='container' ><div class='template-page content  av-content-full alpha units'><div class='post-entry post-entry-type-page post-entry-1093'><div class='entry-content-wrapper clearfix'><div class='avia-gallery  avia-gallery-1 avia_lazyload avia-gallery-animate avia_animate_when_visible  avia-builder-el-17  el_after_av_section  avia-builder-el-no-sibling '  itemprop=\"image\" itemscope=\"itemscope\" itemtype=\"https:\/\/schema.org\/ImageObject\" ><div class='avia-gallery-thumb'> <a href='https:\/\/kynnefjall.com\/wp-content\/uploads\/2020\/02\/kynnefjall_img22-1.jpg' data-rel='gallery-1' data-prev-img='https:\/\/kynnefjall.com\/wp-content\/uploads\/2020\/02\/kynnefjall_img22-1-495x400.jpg' class='first_thumb lightbox ' data-onclick='1' title=''  itemprop=\"thumbnailUrl\" ><img  src='https:\/\/kynnefjall.com\/wp-content\/uploads\/2020\/02\/kynnefjall_img22-1-495x400.jpg' width='495' height='400'  title='kynnefjall_img22' alt='' \/><\/a> <a href='https:\/\/kynnefjall.com\/wp-content\/uploads\/2020\/02\/kynnefjall_img25.jpg' data-rel='gallery-1' data-prev-img='https:\/\/kynnefjall.com\/wp-content\/uploads\/2020\/02\/kynnefjall_img25-495x400.jpg' class='lightbox ' data-onclick='2' title=''  itemprop=\"thumbnailUrl\" ><img  src='https:\/\/kynnefjall.com\/wp-content\/uploads\/2020\/02\/kynnefjall_img25-495x400.jpg' width='495' height='400'  title='kynnefjall_img25' alt='' \/><\/a> <a href='https:\/\/kynnefjall.com\/wp-content\/uploads\/2020\/02\/kynnefjall_img26.jpg' data-rel='gallery-1' data-prev-img='https:\/\/kynnefjall.com\/wp-content\/uploads\/2020\/02\/kynnefjall_img26-495x400.jpg' class='lightbox ' data-onclick='3' title=''  itemprop=\"thumbnailUrl\" ><img  src='https:\/\/kynnefjall.com\/wp-content\/uploads\/2020\/02\/kynnefjall_img26-495x400.jpg' width='495' height='400'  title='kynnefjall_img26' alt='' \/><\/a> <a href='https:\/\/kynnefjall.com\/wp-content\/uploads\/2020\/02\/kynnefjall_img27.jpg' data-rel='gallery-1' data-prev-img='https:\/\/kynnefjall.com\/wp-content\/uploads\/2020\/02\/kynnefjall_img27.jpg' class='first_thumb lightbox ' data-onclick='4' title=''  itemprop=\"thumbnailUrl\" ><img  src='https:\/\/kynnefjall.com\/wp-content\/uploads\/2020\/02\/kynnefjall_img27.jpg' width='222' height='167'  title='kynnefjall_img27' alt='' \/><\/a> <a href='https:\/\/kynnefjall.com\/wp-content\/uploads\/2020\/02\/kynnefjall_img28.jpg' data-rel='gallery-1' data-prev-img='https:\/\/kynnefjall.com\/wp-content\/uploads\/2020\/02\/kynnefjall_img28.jpg' class='lightbox ' data-onclick='5' title=''  itemprop=\"thumbnailUrl\" ><img  src='https:\/\/kynnefjall.com\/wp-content\/uploads\/2020\/02\/kynnefjall_img28.jpg' width='222' height='167'  title='kynnefjall_img28' alt='' \/><\/a> <a href='https:\/\/kynnefjall.com\/wp-content\/uploads\/2020\/02\/kynnefjall_img31.jpg' data-rel='gallery-1' data-prev-img='https:\/\/kynnefjall.com\/wp-content\/uploads\/2020\/02\/kynnefjall_img31-495x400.jpg' class='lightbox ' data-onclick='6' title=''  itemprop=\"thumbnailUrl\" ><img  src='https:\/\/kynnefjall.com\/wp-content\/uploads\/2020\/02\/kynnefjall_img31-495x400.jpg' width='495' height='400'  title='kynnefjall_img31' alt='' \/><\/a> <a href='https:\/\/kynnefjall.com\/wp-content\/uploads\/2020\/02\/kynnefjall_img30.jpg' data-rel='gallery-1' data-prev-img='https:\/\/kynnefjall.com\/wp-content\/uploads\/2020\/02\/kynnefjall_img30-495x400.jpg' class='first_thumb lightbox ' data-onclick='7' title=''  itemprop=\"thumbnailUrl\" ><img  src='https:\/\/kynnefjall.com\/wp-content\/uploads\/2020\/02\/kynnefjall_img30-495x400.jpg' width='495' height='400'  title='vgkart' alt='' \/><\/a> <a href='https:\/\/kynnefjall.com\/wp-content\/uploads\/2020\/02\/kynnefjall_img29.jpg' data-rel='gallery-1' data-prev-img='https:\/\/kynnefjall.com\/wp-content\/uploads\/2020\/02\/kynnefjall_img29.jpg' class='lightbox ' data-onclick='8' title=''  itemprop=\"thumbnailUrl\" ><img  src='https:\/\/kynnefjall.com\/wp-content\/uploads\/2020\/02\/kynnefjall_img29.jpg' width='380' height='186'  title='kynnefjall_img29' alt='' \/><\/a><\/div><\/div><\/p>\n","protected":false},"excerpt":{"rendered":"","protected":false},"author":2,"featured_media":0,"parent":1063,"menu_order":0,"comment_status":"closed","ping_status":"closed","template":"","meta":{"footnotes":""},"class_list":["post-1093","page","type-page","status-publish","hentry"],"yoast_head":"<!-- This site is optimized with the Yoast SEO plugin v22.8 - https:\/\/yoast.com\/wordpress\/plugins\/seo\/ -->\n<title>vandringspaket_2_1 - Kynnefj\u00e4lls Natur<\/title>\n<meta name=\"robots\" content=\"index, follow, max-snippet:-1, max-image-preview:large, max-video-preview:-1\" \/>\n<link rel=\"canonical\" href=\"https:\/\/kynnefjall.com\/en\/activities-adventures\/hiking\/vandringspaket_2_1\/\" \/>\n<meta property=\"og:locale\" content=\"en_US\" \/>\n<meta property=\"og:type\" content=\"article\" \/>\n<meta property=\"og:title\" content=\"vandringspaket_2_1 - Kynnefj\u00e4lls Natur\" \/>\n<meta property=\"og:url\" content=\"https:\/\/kynnefjall.com\/en\/activities-adventures\/hiking\/vandringspaket_2_1\/\" \/>\n<meta property=\"og:site_name\" content=\"Kynnefj\u00e4lls Natur\" \/>\n<meta property=\"article:modified_time\" content=\"2020-03-18T05:40:26+00:00\" \/>\n<meta name=\"twitter:card\" content=\"summary_large_image\" \/>\n<meta name=\"twitter:label1\" content=\"Est. reading time\" \/>\n\t<meta name=\"twitter:data1\" content=\"9 minutes\" \/>\n<script type=\"application\/ld+json\" class=\"yoast-schema-graph\">{\"@context\":\"https:\/\/schema.org\",\"@graph\":[{\"@type\":\"WebPage\",\"@id\":\"https:\/\/kynnefjall.com\/en\/activities-adventures\/hiking\/vandringspaket_2_1\/\",\"url\":\"https:\/\/kynnefjall.com\/en\/activities-adventures\/hiking\/vandringspaket_2_1\/\",\"name\":\"vandringspaket_2_1 - Kynnefj\u00e4lls Natur\",\"isPartOf\":{\"@id\":\"https:\/\/kynnefjall.com\/#website\"},\"datePublished\":\"2020-02-24T11:13:50+00:00\",\"dateModified\":\"2020-03-18T05:40:26+00:00\",\"breadcrumb\":{\"@id\":\"https:\/\/kynnefjall.com\/en\/activities-adventures\/hiking\/vandringspaket_2_1\/#breadcrumb\"},\"inLanguage\":\"en-US\",\"potentialAction\":[{\"@type\":\"ReadAction\",\"target\":[\"https:\/\/kynnefjall.com\/en\/activities-adventures\/hiking\/vandringspaket_2_1\/\"]}]},{\"@type\":\"BreadcrumbList\",\"@id\":\"https:\/\/kynnefjall.com\/en\/activities-adventures\/hiking\/vandringspaket_2_1\/#breadcrumb\",\"itemListElement\":[{\"@type\":\"ListItem\",\"position\":1,\"name\":\"Hem\",\"item\":\"https:\/\/kynnefjall.com\/en\/home\/\"},{\"@type\":\"ListItem\",\"position\":2,\"name\":\"Activities &#038; Adventures\",\"item\":\"https:\/\/kynnefjall.com\/en\/activities-adventures\/\"},{\"@type\":\"ListItem\",\"position\":3,\"name\":\"Hiking\",\"item\":\"https:\/\/kynnefjall.com\/en\/activities-adventures\/hiking\/\"},{\"@type\":\"ListItem\",\"position\":4,\"name\":\"vandringspaket_2_1\"}]},{\"@type\":\"WebSite\",\"@id\":\"https:\/\/kynnefjall.com\/#website\",\"url\":\"https:\/\/kynnefjall.com\/\",\"name\":\"Kynnefj\u00e4lls Natur\",\"description\":\"\",\"potentialAction\":[{\"@type\":\"SearchAction\",\"target\":{\"@type\":\"EntryPoint\",\"urlTemplate\":\"https:\/\/kynnefjall.com\/?s={search_term_string}\"},\"query-input\":\"required name=search_term_string\"}],\"inLanguage\":\"en-US\"}]}<\/script>\n<!-- \/ Yoast SEO plugin. -->","yoast_head_json":{"title":"vandringspaket_2_1 - Kynnefj\u00e4lls Natur","robots":{"index":"index","follow":"follow","max-snippet":"max-snippet:-1","max-image-preview":"max-image-preview:large","max-video-preview":"max-video-preview:-1"},"canonical":"https:\/\/kynnefjall.com\/en\/activities-adventures\/hiking\/vandringspaket_2_1\/","og_locale":"en_US","og_type":"article","og_title":"vandringspaket_2_1 - Kynnefj\u00e4lls Natur","og_url":"https:\/\/kynnefjall.com\/en\/activities-adventures\/hiking\/vandringspaket_2_1\/","og_site_name":"Kynnefj\u00e4lls Natur","article_modified_time":"2020-03-18T05:40:26+00:00","twitter_card":"summary_large_image","twitter_misc":{"Est. reading time":"9 minutes"},"schema":{"@context":"https:\/\/schema.org","@graph":[{"@type":"WebPage","@id":"https:\/\/kynnefjall.com\/en\/activities-adventures\/hiking\/vandringspaket_2_1\/","url":"https:\/\/kynnefjall.com\/en\/activities-adventures\/hiking\/vandringspaket_2_1\/","name":"vandringspaket_2_1 - Kynnefj\u00e4lls Natur","isPartOf":{"@id":"https:\/\/kynnefjall.com\/#website"},"datePublished":"2020-02-24T11:13:50+00:00","dateModified":"2020-03-18T05:40:26+00:00","breadcrumb":{"@id":"https:\/\/kynnefjall.com\/en\/activities-adventures\/hiking\/vandringspaket_2_1\/#breadcrumb"},"inLanguage":"en-US","potentialAction":[{"@type":"ReadAction","target":["https:\/\/kynnefjall.com\/en\/activities-adventures\/hiking\/vandringspaket_2_1\/"]}]},{"@type":"BreadcrumbList","@id":"https:\/\/kynnefjall.com\/en\/activities-adventures\/hiking\/vandringspaket_2_1\/#breadcrumb","itemListElement":[{"@type":"ListItem","position":1,"name":"Hem","item":"https:\/\/kynnefjall.com\/en\/home\/"},{"@type":"ListItem","position":2,"name":"Activities &#038; Adventures","item":"https:\/\/kynnefjall.com\/en\/activities-adventures\/"},{"@type":"ListItem","position":3,"name":"Hiking","item":"https:\/\/kynnefjall.com\/en\/activities-adventures\/hiking\/"},{"@type":"ListItem","position":4,"name":"vandringspaket_2_1"}]},{"@type":"WebSite","@id":"https:\/\/kynnefjall.com\/#website","url":"https:\/\/kynnefjall.com\/","name":"Kynnefj\u00e4lls Natur","description":"","potentialAction":[{"@type":"SearchAction","target":{"@type":"EntryPoint","urlTemplate":"https:\/\/kynnefjall.com\/?s={search_term_string}"},"query-input":"required name=search_term_string"}],"inLanguage":"en-US"}]}},"_links":{"self":[{"href":"https:\/\/kynnefjall.com\/en\/wp-json\/wp\/v2\/pages\/1093","targetHints":{"allow":["GET"]}}],"collection":[{"href":"https:\/\/kynnefjall.com\/en\/wp-json\/wp\/v2\/pages"}],"about":[{"href":"https:\/\/kynnefjall.com\/en\/wp-json\/wp\/v2\/types\/page"}],"author":[{"embeddable":true,"href":"https:\/\/kynnefjall.com\/en\/wp-json\/wp\/v2\/users\/2"}],"replies":[{"embeddable":true,"href":"https:\/\/kynnefjall.com\/en\/wp-json\/wp\/v2\/comments?post=1093"}],"version-history":[{"count":2,"href":"https:\/\/kynnefjall.com\/en\/wp-json\/wp\/v2\/pages\/1093\/revisions"}],"predecessor-version":[{"id":1109,"href":"https:\/\/kynnefjall.com\/en\/wp-json\/wp\/v2\/pages\/1093\/revisions\/1109"}],"up":[{"embeddable":true,"href":"https:\/\/kynnefjall.com\/en\/wp-json\/wp\/v2\/pages\/1063"}],"wp:attachment":[{"href":"https:\/\/kynnefjall.com\/en\/wp-json\/wp\/v2\/media?parent=1093"}],"curies":[{"name":"wp","href":"https:\/\/api.w.org\/{rel}","templated":true}]}}